{"id":43099,"date":"2026-03-07T10:06:52","date_gmt":"2026-03-07T09:06:52","guid":{"rendered":"https:\/\/hasznalt-ora.hu\/hirdetes\/police-radical-karora-szettben\/"},"modified":"2026-04-14T12:07:56","modified_gmt":"2026-04-14T10:07:56","slug":"police-radical-karora-szettben","status":"publish","type":"advert","link":"https:\/\/hasznalt-ora.hu\/en\/hirdetes\/police-radical-karora-szettben\/","title":{"rendered":"Police Radical kar\u00f3ra szettben"},"content":{"rendered":"<p>Elad\u00f3 a k\u00e9peken l\u00e1that\u00f3 Police Radical kar\u00f3ra szettben.<br \/>A szett tartalma:<br \/>Maga az \u00f3ra<br \/>a d\u00edzdoboz<br \/>Valamint egy b\u00f6gre<br \/>A b\u00f6gre f\u00fcle let\u00f6r\u00f6tt, ez\u00e9rt vissza lett ragasztva a hely\u00e9re. Alapos megvizsg\u00e1l\u00e1s sor\u00e1n vehet\u0151 csak \u00e9szre.<br \/>Az \u00f3ra haszn\u00e1lt, j\u00f3 \u00e1llapotban van, valamint a d\u00edzdoboz is.<br \/>Specifik\u00e1ci\u00f3k:<br \/>M\u00e1rka: Police<br \/>Kollekci\u00f3: Radical<br \/>Modell: 13022JSU\/61A<br \/>Nem: F\u00e9rfi<br \/>Szerkezet: quartz<br \/>Szerkezet eredete: Jap\u00e1n<\/p>\n<p>tok \u00fcveg anyaga: \u00e1sv\u00e1nyi krist\u00e1ly\u00fcveg\u00a0<br \/>Kijelz\u0151: anal\u00f3g<br \/>Sz\u00edj anyaga: szilikon<br \/>V\u00edz\u00e1ll\u00f3: 100 m (10 ATM)<br \/>St\u00edlus: Fashion<br \/>Szem\u00e9lyes \u00e1tv\u00e9telre Cs\u00f6m\u00f6r\u00f6n van lehet\u0151s\u00e9g, vagy ha j\u00e1runk Budapesten, akkor el\u0151reegyeztetett helyen \u00e9s id\u0151pontban ott is megtudjuk ejteni.<br \/>Egy\u00e9b esetben gondosan csomagolva post\u00e1zni tudom h\u00e1zhoz, vagy post\u00e1n marad\u00f3k\u00e9nt, vagy posta pontra, vagy pedig MPL csomagautomat\u00e1ba el\u0151reutal\u00e1st k\u00f6vet\u0151en, t\u00f6r\u00e9keny kezel\u00e9ssel legink\u00e1bb.<br \/>Felh\u00edvn\u00e1m a figyelmet, hogy amennyiben az esetleges vev\u0151 post\u00e1z\u00e1st szeretne, csak abban az esetben k\u00e9rje, hogyha v\u00e1llalja a kock\u00e1zatot, mert a sz\u00e1ll\u00edt\u00e1sb\u00f3l bek\u00f6vetkezett meghib\u00e1sod\u00e1s\u00e9rt, s\u00e9r\u00fcl\u00e9sek\u00e9rt sem felel\u0151ss\u00e9get, sem pedig garanci\u00e1t nem tudok v\u00e1llalni.<br \/>Csere k\u00f6sz\u00f6n\u00f6m sz\u00e9pen, de nem \u00e9rdekel.<br \/>B\u00e1rmilyen k\u00e9rd\u00e9s felmer\u00fclne, tedd fel b\u00e1tran, igyekszem min\u00e9l el\u0151bb v\u00e1laszolni!<\/p>","protected":false},"excerpt":{"rendered":"<p>Elad\u00f3 a k\u00e9peken l\u00e1that\u00f3 Police Radical kar\u00f3ra szettben.A szett tartalma:Maga az \u00f3raa d\u00edzdobozValamint egy b\u00f6greA b\u00f6gre f\u00fcle let\u00f6r\u00f6tt, ez\u00e9rt vissza lett ragasztva a hely\u00e9re. Alapos megvizsg\u00e1l\u00e1s sor\u00e1n vehet\u0151 csak \u00e9szre.Az \u00f3ra haszn\u00e1lt, j\u00f3 \u00e1llapotban van, valamint a d\u00edzdoboz is.Specifik\u00e1ci\u00f3k:M\u00e1rka: PoliceKollekci\u00f3: RadicalModell: 13022JSU\/61ANem: F\u00e9rfiSzerkezet: quartzSzerkezet eredete: Jap\u00e1n tok \u00fcveg anyaga: \u00e1sv\u00e1nyi krist\u00e1ly\u00fcveg\u00a0Kijelz\u0151: anal\u00f3gSz\u00edj anyaga: szilikonV\u00edz\u00e1ll\u00f3: 100&#8230;<\/p>","protected":false},"author":5727,"featured_media":43101,"comment_status":"closed","ping_status":"closed","template":"","advert-category":[3914,3726],"advert-location":[751,200],"class_list":["post-43099","advert","type-advert","status-publish","has-post-thumbnail","hentry","advert-category-karora","advert-category-police","advert-location-csomor","advert-location-pest-varmegye","fizetesi-mod-atutalas","fizetesi-mod-keszpenz","funkciok-a-leirasban-megtalalhatok","limitalt-szeria-nem","police-modell-elevation-pl13662jsqr-12","mukodese-kvarc","nem-ferfi","stilus-alkalmi","stilus-hetkoznapi","szallitasi-mod-posta","szallitasi-mod-szemelyes-atvetel","szamlap-tipusa-analog","szij-fajtaja-szilikon","vizallosag-100-meter-10-bar-10atm"],"yoast_head":"<!-- This site is optimized with the Yoast SEO plugin v26.3 - https:\/\/yoast.com\/wordpress\/plugins\/seo\/ -->\n<title>Police Radical kar\u00f3ra szettben - HASZN\u00c1LT-\u00d3RA.HU<\/title>\n<meta name=\"robots\" content=\"index, follow, max-snippet:-1, max-image-preview:large, max-video-preview:-1\" \/>\n<link rel=\"canonical\" href=\"https:\/\/hasznalt-ora.hu\/en\/hirdetes\/police-radical-karora-szettben\/\" \/>\n<meta name=\"twitter:label1\" content=\"Est. reading time\" \/>\n\t<meta name=\"twitter:data1\" content=\"1 minute\" \/>\n<script type=\"application\/ld+json\" class=\"yoast-schema-graph\">{\"@context\":\"https:\/\/schema.org\",\"@graph\":[{\"@type\":\"WebPage\",\"@id\":\"https:\/\/hasznalt-ora.hu\/hirdetes\/police-radical-karora-szettben\/\",\"url\":\"https:\/\/hasznalt-ora.hu\/hirdetes\/police-radical-karora-szettben\/\",\"name\":\"Police Radical kar\u00f3ra szettben - HASZN\u00c1LT-\u00d3RA.HU\",\"isPartOf\":{\"@id\":\"https:\/\/hasznalt-ora.hu\/#website\"},\"primaryImageOfPage\":{\"@id\":\"https:\/\/hasznalt-ora.hu\/hirdetes\/police-radical-karora-szettben\/#primaryimage\"},\"image\":{\"@id\":\"https:\/\/hasznalt-ora.hu\/hirdetes\/police-radical-karora-szettben\/#primaryimage\"},\"thumbnailUrl\":\"https:\/\/hasznalt-ora.hu\/wp-content\/uploads\/2026\/03\/IMG_20260301_114205-scaled.jpg\",\"datePublished\":\"2026-03-07T09:06:52+00:00\",\"dateModified\":\"2026-04-14T10:07:56+00:00\",\"breadcrumb\":{\"@id\":\"https:\/\/hasznalt-ora.hu\/hirdetes\/police-radical-karora-szettben\/#breadcrumb\"},\"inLanguage\":\"en-US\",\"potentialAction\":[{\"@type\":\"ReadAction\",\"target\":[\"https:\/\/hasznalt-ora.hu\/hirdetes\/police-radical-karora-szettben\/\"]}]},{\"@type\":\"ImageObject\",\"inLanguage\":\"en-US\",\"@id\":\"https:\/\/hasznalt-ora.hu\/hirdetes\/police-radical-karora-szettben\/#primaryimage\",\"url\":\"https:\/\/hasznalt-ora.hu\/wp-content\/uploads\/2026\/03\/IMG_20260301_114205-scaled.jpg\",\"contentUrl\":\"https:\/\/hasznalt-ora.hu\/wp-content\/uploads\/2026\/03\/IMG_20260301_114205-scaled.jpg\",\"width\":2560,\"height\":1920},{\"@type\":\"BreadcrumbList\",\"@id\":\"https:\/\/hasznalt-ora.hu\/hirdetes\/police-radical-karora-szettben\/#breadcrumb\",\"itemListElement\":[{\"@type\":\"ListItem\",\"position\":1,\"name\":\"Kezd\u0151lap\",\"item\":\"https:\/\/hasznalt-ora.hu\/\"},{\"@type\":\"ListItem\",\"position\":2,\"name\":\"Police Radical kar\u00f3ra szettben\"}]},{\"@type\":\"WebSite\",\"@id\":\"https:\/\/hasznalt-ora.hu\/#website\",\"url\":\"https:\/\/hasznalt-ora.hu\/\",\"name\":\"HASZN\u00c1LT-\u00d3RA.HU\",\"description\":\"A magyar haszn\u00e1lt \u00f3ra piact\u00e9r\",\"publisher\":{\"@id\":\"https:\/\/hasznalt-ora.hu\/#organization\"},\"potentialAction\":[{\"@type\":\"SearchAction\",\"target\":{\"@type\":\"EntryPoint\",\"urlTemplate\":\"https:\/\/hasznalt-ora.hu\/?s={search_term_string}\"},\"query-input\":{\"@type\":\"PropertyValueSpecification\",\"valueRequired\":true,\"valueName\":\"search_term_string\"}}],\"inLanguage\":\"en-US\"},{\"@type\":\"Organization\",\"@id\":\"https:\/\/hasznalt-ora.hu\/#organization\",\"name\":\"HASZN\u00c1LT-\u00d3RA.HU\",\"url\":\"https:\/\/hasznalt-ora.hu\/\",\"logo\":{\"@type\":\"ImageObject\",\"inLanguage\":\"en-US\",\"@id\":\"https:\/\/hasznalt-ora.hu\/#\/schema\/logo\/image\/\",\"url\":\"https:\/\/hasznalt-ora.hu\/wp-content\/uploads\/2021\/07\/hasznalt_ora_k_2-scaled.jpg\",\"contentUrl\":\"https:\/\/hasznalt-ora.hu\/wp-content\/uploads\/2021\/07\/hasznalt_ora_k_2-scaled.jpg\",\"width\":2560,\"height\":1612,\"caption\":\"HASZN\u00c1LT-\u00d3RA.HU\"},\"image\":{\"@id\":\"https:\/\/hasznalt-ora.hu\/#\/schema\/logo\/image\/\"},\"sameAs\":[\"https:\/\/www.facebook.com\/groups\/hasznaltorakpiactere\"]}]}<\/script>\n<!-- \/ Yoast SEO plugin. -->","yoast_head_json":{"title":"Police Radical kar\u00f3ra szettben - HASZN\u00c1LT-\u00d3RA.HU","robots":{"index":"index","follow":"follow","max-snippet":"max-snippet:-1","max-image-preview":"max-image-preview:large","max-video-preview":"max-video-preview:-1"},"canonical":"https:\/\/hasznalt-ora.hu\/en\/hirdetes\/police-radical-karora-szettben\/","twitter_misc":{"Est. reading time":"1 minute"},"schema":{"@context":"https:\/\/schema.org","@graph":[{"@type":"WebPage","@id":"https:\/\/hasznalt-ora.hu\/hirdetes\/police-radical-karora-szettben\/","url":"https:\/\/hasznalt-ora.hu\/hirdetes\/police-radical-karora-szettben\/","name":"Police Radical kar\u00f3ra szettben - HASZN\u00c1LT-\u00d3RA.HU","isPartOf":{"@id":"https:\/\/hasznalt-ora.hu\/#website"},"primaryImageOfPage":{"@id":"https:\/\/hasznalt-ora.hu\/hirdetes\/police-radical-karora-szettben\/#primaryimage"},"image":{"@id":"https:\/\/hasznalt-ora.hu\/hirdetes\/police-radical-karora-szettben\/#primaryimage"},"thumbnailUrl":"https:\/\/hasznalt-ora.hu\/wp-content\/uploads\/2026\/03\/IMG_20260301_114205-scaled.jpg","datePublished":"2026-03-07T09:06:52+00:00","dateModified":"2026-04-14T10:07:56+00:00","breadcrumb":{"@id":"https:\/\/hasznalt-ora.hu\/hirdetes\/police-radical-karora-szettben\/#breadcrumb"},"inLanguage":"en-US","potentialAction":[{"@type":"ReadAction","target":["https:\/\/hasznalt-ora.hu\/hirdetes\/police-radical-karora-szettben\/"]}]},{"@type":"ImageObject","inLanguage":"en-US","@id":"https:\/\/hasznalt-ora.hu\/hirdetes\/police-radical-karora-szettben\/#primaryimage","url":"https:\/\/hasznalt-ora.hu\/wp-content\/uploads\/2026\/03\/IMG_20260301_114205-scaled.jpg","contentUrl":"https:\/\/hasznalt-ora.hu\/wp-content\/uploads\/2026\/03\/IMG_20260301_114205-scaled.jpg","width":2560,"height":1920},{"@type":"BreadcrumbList","@id":"https:\/\/hasznalt-ora.hu\/hirdetes\/police-radical-karora-szettben\/#breadcrumb","itemListElement":[{"@type":"ListItem","position":1,"name":"Kezd\u0151lap","item":"https:\/\/hasznalt-ora.hu\/"},{"@type":"ListItem","position":2,"name":"Police Radical kar\u00f3ra szettben"}]},{"@type":"WebSite","@id":"https:\/\/hasznalt-ora.hu\/#website","url":"https:\/\/hasznalt-ora.hu\/","name":"HASZN\u00c1LT-\u00d3RA.HU","description":"A magyar haszn\u00e1lt \u00f3ra piact\u00e9r","publisher":{"@id":"https:\/\/hasznalt-ora.hu\/#organization"},"potentialAction":[{"@type":"SearchAction","target":{"@type":"EntryPoint","urlTemplate":"https:\/\/hasznalt-ora.hu\/?s={search_term_string}"},"query-input":{"@type":"PropertyValueSpecification","valueRequired":true,"valueName":"search_term_string"}}],"inLanguage":"en-US"},{"@type":"Organization","@id":"https:\/\/hasznalt-ora.hu\/#organization","name":"HASZN\u00c1LT-\u00d3RA.HU","url":"https:\/\/hasznalt-ora.hu\/","logo":{"@type":"ImageObject","inLanguage":"en-US","@id":"https:\/\/hasznalt-ora.hu\/#\/schema\/logo\/image\/","url":"https:\/\/hasznalt-ora.hu\/wp-content\/uploads\/2021\/07\/hasznalt_ora_k_2-scaled.jpg","contentUrl":"https:\/\/hasznalt-ora.hu\/wp-content\/uploads\/2021\/07\/hasznalt_ora_k_2-scaled.jpg","width":2560,"height":1612,"caption":"HASZN\u00c1LT-\u00d3RA.HU"},"image":{"@id":"https:\/\/hasznalt-ora.hu\/#\/schema\/logo\/image\/"},"sameAs":["https:\/\/www.facebook.com\/groups\/hasznaltorakpiactere"]}]}},"_links":{"self":[{"href":"https:\/\/hasznalt-ora.hu\/en\/wp-json\/wp\/v2\/advert\/43099","targetHints":{"allow":["GET"]}}],"collection":[{"href":"https:\/\/hasznalt-ora.hu\/en\/wp-json\/wp\/v2\/advert"}],"about":[{"href":"https:\/\/hasznalt-ora.hu\/en\/wp-json\/wp\/v2\/types\/advert"}],"author":[{"embeddable":true,"href":"https:\/\/hasznalt-ora.hu\/en\/wp-json\/wp\/v2\/users\/5727"}],"replies":[{"embeddable":true,"href":"https:\/\/hasznalt-ora.hu\/en\/wp-json\/wp\/v2\/comments?post=43099"}],"wp:featuredmedia":[{"embeddable":true,"href":"https:\/\/hasznalt-ora.hu\/en\/wp-json\/wp\/v2\/media\/43101"}],"wp:attachment":[{"href":"https:\/\/hasznalt-ora.hu\/en\/wp-json\/wp\/v2\/media?parent=43099"}],"wp:term":[{"taxonomy":"advert-category","embeddable":true,"href":"https:\/\/hasznalt-ora.hu\/en\/wp-json\/wp\/v2\/advert-category?post=43099"},{"taxonomy":"advert-location","embeddable":true,"href":"https:\/\/hasznalt-ora.hu\/en\/wp-json\/wp\/v2\/advert-location?post=43099"}],"curies":[{"name":"wp","href":"https:\/\/api.w.org\/{rel}","templated":true}]}}