{"id":33277,"date":"2025-02-17T17:07:57","date_gmt":"2025-02-17T16:07:57","guid":{"rendered":"https:\/\/hasznalt-ora.hu\/hirdetes\/shinnyo-centennial-memorate-watch\/"},"modified":"2025-03-07T12:10:16","modified_gmt":"2025-03-07T11:10:16","slug":"shinnyo-centennial-memorate-ritka-limitalt-kiadasu-ora-elado","status":"publish","type":"advert","link":"https:\/\/hasznalt-ora.hu\/en\/hirdetes\/shinnyo-centennial-memorate-ritka-limitalt-kiadasu-ora-elado\/","title":{"rendered":"Shinnyo Centennial Memorate Watch"},"content":{"rendered":"<p style=\"text-align: center\"><em><strong>A mai \u00f3ra biztosan az egyik legnorm\u00e1lisabb kin\u00e9zet\u0171 kar\u00f3ra a gy\u0171jtem\u00e9nyemben, de megtartottam, mert ez egy olyan \u00f3ra, amely a legszokatlanabb esem\u00e9ny eml\u00e9k\u00e9re \u00e1ll\u00edt eml\u00e9ket, amire eml\u00e9k\u00f3r\u00e1m van.<\/strong><\/em><\/p>\n<p style=\"text-align: center\"><em><strong>Az \u00f3ra sz\u00e1mlapj\u00e1n a Shinnyo n\u00e9v szerepel, az \u00f3ra h\u00e1tlapj\u00e1n pedig az \u00e1ll, hogy ezt a \u201eShinnyo alap\u00edt\u00f3j\u00e1nak sz\u00fclet\u00e9s\u00e9nek sz\u00e1zadik \u00e9vfordul\u00f3j\u00e1ra, 2006. m\u00e1rcius 28-\u00e1n\u201d adt\u00e1k ki. Ez Shinj\u014d It\u014d (Fumiaki It\u014d) 1906-os sz\u00fclet\u00e9s\u00e9re utal. \u0150 volt a Shinnyo-en buddhista sangha (k\u00f6z\u00f6ss\u00e9g) alap\u00edt\u00f3ja, amely a 3 hagyom\u00e1nyos buddhista iskola<\/strong> <strong>tan\u00edt\u00e1sait foglalja mag\u00e1ban. Az 1936-ban alap\u00edtott (1948-ban elismert) Shinnyo-en-nek jelenleg t\u00f6bb mint 1 milli\u00f3 gyakorl\u00f3ja van, \u00e9s k\u00e9pz\u00e9si k\u00f6zpontjai vannak \u00c1zsi\u00e1ban, Eur\u00f3p\u00e1ban \u00e9s Amerik\u00e1ban. Teh\u00e1t ez azt jelenti, hogy ez az \u00f3r\u00e1m az egyetlen buddhista k\u00f6z\u00f6ss\u00e9g eml\u00e9kt\u00e1rgyam!<\/strong><\/em><\/p>\n<p><em><strong>Maga az \u00f3ra el\u00e9g norm\u00e1lis, kerek arccal, sz\u00f6gletesebb tokban. Ez egy 3 k\u00e9zi sz\u00e1mlapos modell, jap\u00e1n kvarc szerkezettel. A szerkezet sokkal m\u0171anyag alap\u00fa, mint amilyen sokat l\u00e1ttam, \u00e9s nincs rajta a gy\u00e1rt\u00f3 neve, de a modellsz\u00e1m arra utal, hogy a modul egy PC21. A PC21 egy Hattori modul, amelyr\u0151l nemr\u00e9g tudtam meg, hogy a Seiko Corporation al\u00e1 tartozik, \u00e9s azt jelentheti, hogy az \u00f3r\u00e1t a Seiko, a Lorus vagy a Pulsar gy\u00e1rtja. A teljes modellsz\u00e1m PC21-D085.<\/strong><\/em><\/p>","protected":false},"excerpt":{"rendered":"<p>A mai \u00f3ra biztosan az egyik legnorm\u00e1lisabb kin\u00e9zet\u0171 kar\u00f3ra a gy\u0171jtem\u00e9nyemben, de megtartottam, mert ez egy olyan \u00f3ra, amely a legszokatlanabb esem\u00e9ny eml\u00e9k\u00e9re \u00e1ll\u00edt eml\u00e9ket, amire eml\u00e9k\u00f3r\u00e1m van. Az \u00f3ra sz\u00e1mlapj\u00e1n a Shinnyo n\u00e9v szerepel, az \u00f3ra h\u00e1tlapj\u00e1n pedig az \u00e1ll, hogy ezt a \u201eShinnyo alap\u00edt\u00f3j\u00e1nak sz\u00fclet\u00e9s\u00e9nek sz\u00e1zadik \u00e9vfordul\u00f3j\u00e1ra, 2006. m\u00e1rcius 28-\u00e1n\u201d adt\u00e1k ki. Ez&#8230;<\/p>","protected":false},"author":8063,"featured_media":33278,"comment_status":"closed","ping_status":"closed","template":"","advert-category":[3914,3770],"advert-location":[593,595],"class_list":["post-33277","advert","type-advert","status-publish","has-post-thumbnail","hentry","advert-category-karora","advert-category-seiko","advert-location-budapest","advert-location-budapest-ii-kerulet","fizetesi-mod-atutalas","fizetesi-mod-keszpenz","fizetesi-mod-paypal-utalas","fizetesi-mod-revolut-utalas","fizetesi-mod-utanvet","funkciok-12-oras","gyartasi-ev-4482","limitalt-szeria-igen","seiko-modell-shinnyo","mukodese-kezi-felhuzas","nem-unisex","stilus-antik","szallitasi-mod-foxpost","szallitasi-mod-futarszolgalat","szallitasi-mod-packeta","szallitasi-mod-posta","szallitasi-mod-szemelyes-atvetel","szamlap-tipusa-analog","szij-fajtaja-bor-mubor","vizallosag-100-meter-10-bar-10atm"],"yoast_head":"<!-- This site is optimized with the Yoast SEO plugin v26.3 - https:\/\/yoast.com\/wordpress\/plugins\/seo\/ -->\n<title>Shinnyo Centennial Memorate Watch - HASZN\u00c1LT-\u00d3RA.HU<\/title>\n<meta name=\"description\" content=\"Shinnyo Centennial Memorate Watch elad\u00f3! \u231a Ritka, limit\u00e1lt kiad\u00e1s\u00fa eml\u00e9k\u00f3ra, kifog\u00e1stalan \u00e1llapotban, gy\u0171jt\u0151knek. N\u00e9zd meg most!\" \/>\n<meta name=\"robots\" content=\"index, follow, max-snippet:-1, max-image-preview:large, max-video-preview:-1\" \/>\n<link rel=\"canonical\" href=\"https:\/\/hasznalt-ora.hu\/en\/hirdetes\/shinnyo-centennial-memorate-ritka-limitalt-kiadasu-ora-elado\/\" \/>\n<meta name=\"twitter:label1\" content=\"Est. reading time\" \/>\n\t<meta name=\"twitter:data1\" content=\"2 minutes\" \/>\n<script type=\"application\/ld+json\" class=\"yoast-schema-graph\">{\"@context\":\"https:\/\/schema.org\",\"@graph\":[{\"@type\":\"WebPage\",\"@id\":\"https:\/\/hasznalt-ora.hu\/hirdetes\/shinnyo-centennial-memorate-ritka-limitalt-kiadasu-ora-elado\/\",\"url\":\"https:\/\/hasznalt-ora.hu\/hirdetes\/shinnyo-centennial-memorate-ritka-limitalt-kiadasu-ora-elado\/\",\"name\":\"Shinnyo Centennial Memorate Watch - HASZN\u00c1LT-\u00d3RA.HU\",\"isPartOf\":{\"@id\":\"https:\/\/hasznalt-ora.hu\/#website\"},\"primaryImageOfPage\":{\"@id\":\"https:\/\/hasznalt-ora.hu\/hirdetes\/shinnyo-centennial-memorate-ritka-limitalt-kiadasu-ora-elado\/#primaryimage\"},\"image\":{\"@id\":\"https:\/\/hasznalt-ora.hu\/hirdetes\/shinnyo-centennial-memorate-ritka-limitalt-kiadasu-ora-elado\/#primaryimage\"},\"thumbnailUrl\":\"https:\/\/hasznalt-ora.hu\/wp-content\/uploads\/2025\/02\/IMG_8624-scaled.jpeg\",\"datePublished\":\"2025-02-17T16:07:57+00:00\",\"dateModified\":\"2025-03-07T11:10:16+00:00\",\"description\":\"Shinnyo Centennial Memorate Watch elad\u00f3! \u231a Ritka, limit\u00e1lt kiad\u00e1s\u00fa eml\u00e9k\u00f3ra, kifog\u00e1stalan \u00e1llapotban, gy\u0171jt\u0151knek. N\u00e9zd meg most!\",\"breadcrumb\":{\"@id\":\"https:\/\/hasznalt-ora.hu\/hirdetes\/shinnyo-centennial-memorate-ritka-limitalt-kiadasu-ora-elado\/#breadcrumb\"},\"inLanguage\":\"en-US\",\"potentialAction\":[{\"@type\":\"ReadAction\",\"target\":[\"https:\/\/hasznalt-ora.hu\/hirdetes\/shinnyo-centennial-memorate-ritka-limitalt-kiadasu-ora-elado\/\"]}]},{\"@type\":\"ImageObject\",\"inLanguage\":\"en-US\",\"@id\":\"https:\/\/hasznalt-ora.hu\/hirdetes\/shinnyo-centennial-memorate-ritka-limitalt-kiadasu-ora-elado\/#primaryimage\",\"url\":\"https:\/\/hasznalt-ora.hu\/wp-content\/uploads\/2025\/02\/IMG_8624-scaled.jpeg\",\"contentUrl\":\"https:\/\/hasznalt-ora.hu\/wp-content\/uploads\/2025\/02\/IMG_8624-scaled.jpeg\",\"width\":1920,\"height\":2560},{\"@type\":\"BreadcrumbList\",\"@id\":\"https:\/\/hasznalt-ora.hu\/hirdetes\/shinnyo-centennial-memorate-ritka-limitalt-kiadasu-ora-elado\/#breadcrumb\",\"itemListElement\":[{\"@type\":\"ListItem\",\"position\":1,\"name\":\"Kezd\u0151lap\",\"item\":\"https:\/\/hasznalt-ora.hu\/\"},{\"@type\":\"ListItem\",\"position\":2,\"name\":\"Shinnyo Centennial Memorate Watch\"}]},{\"@type\":\"WebSite\",\"@id\":\"https:\/\/hasznalt-ora.hu\/#website\",\"url\":\"https:\/\/hasznalt-ora.hu\/\",\"name\":\"HASZN\u00c1LT-\u00d3RA.HU\",\"description\":\"A magyar haszn\u00e1lt \u00f3ra piact\u00e9r\",\"publisher\":{\"@id\":\"https:\/\/hasznalt-ora.hu\/#organization\"},\"potentialAction\":[{\"@type\":\"SearchAction\",\"target\":{\"@type\":\"EntryPoint\",\"urlTemplate\":\"https:\/\/hasznalt-ora.hu\/?s={search_term_string}\"},\"query-input\":{\"@type\":\"PropertyValueSpecification\",\"valueRequired\":true,\"valueName\":\"search_term_string\"}}],\"inLanguage\":\"en-US\"},{\"@type\":\"Organization\",\"@id\":\"https:\/\/hasznalt-ora.hu\/#organization\",\"name\":\"HASZN\u00c1LT-\u00d3RA.HU\",\"url\":\"https:\/\/hasznalt-ora.hu\/\",\"logo\":{\"@type\":\"ImageObject\",\"inLanguage\":\"en-US\",\"@id\":\"https:\/\/hasznalt-ora.hu\/#\/schema\/logo\/image\/\",\"url\":\"https:\/\/hasznalt-ora.hu\/wp-content\/uploads\/2021\/07\/hasznalt_ora_k_2-scaled.jpg\",\"contentUrl\":\"https:\/\/hasznalt-ora.hu\/wp-content\/uploads\/2021\/07\/hasznalt_ora_k_2-scaled.jpg\",\"width\":2560,\"height\":1612,\"caption\":\"HASZN\u00c1LT-\u00d3RA.HU\"},\"image\":{\"@id\":\"https:\/\/hasznalt-ora.hu\/#\/schema\/logo\/image\/\"},\"sameAs\":[\"https:\/\/www.facebook.com\/groups\/hasznaltorakpiactere\"]}]}<\/script>\n<!-- \/ Yoast SEO plugin. -->","yoast_head_json":{"title":"Shinnyo Centennial Memorate Watch - HASZN\u00c1LT-\u00d3RA.HU","description":"Shinnyo Centennial Memorate Watch elad\u00f3! \u231a Ritka, limit\u00e1lt kiad\u00e1s\u00fa eml\u00e9k\u00f3ra, kifog\u00e1stalan \u00e1llapotban, gy\u0171jt\u0151knek. N\u00e9zd meg most!","robots":{"index":"index","follow":"follow","max-snippet":"max-snippet:-1","max-image-preview":"max-image-preview:large","max-video-preview":"max-video-preview:-1"},"canonical":"https:\/\/hasznalt-ora.hu\/en\/hirdetes\/shinnyo-centennial-memorate-ritka-limitalt-kiadasu-ora-elado\/","twitter_misc":{"Est. reading time":"2 minutes"},"schema":{"@context":"https:\/\/schema.org","@graph":[{"@type":"WebPage","@id":"https:\/\/hasznalt-ora.hu\/hirdetes\/shinnyo-centennial-memorate-ritka-limitalt-kiadasu-ora-elado\/","url":"https:\/\/hasznalt-ora.hu\/hirdetes\/shinnyo-centennial-memorate-ritka-limitalt-kiadasu-ora-elado\/","name":"Shinnyo Centennial Memorate Watch - HASZN\u00c1LT-\u00d3RA.HU","isPartOf":{"@id":"https:\/\/hasznalt-ora.hu\/#website"},"primaryImageOfPage":{"@id":"https:\/\/hasznalt-ora.hu\/hirdetes\/shinnyo-centennial-memorate-ritka-limitalt-kiadasu-ora-elado\/#primaryimage"},"image":{"@id":"https:\/\/hasznalt-ora.hu\/hirdetes\/shinnyo-centennial-memorate-ritka-limitalt-kiadasu-ora-elado\/#primaryimage"},"thumbnailUrl":"https:\/\/hasznalt-ora.hu\/wp-content\/uploads\/2025\/02\/IMG_8624-scaled.jpeg","datePublished":"2025-02-17T16:07:57+00:00","dateModified":"2025-03-07T11:10:16+00:00","description":"Shinnyo Centennial Memorate Watch elad\u00f3! \u231a Ritka, limit\u00e1lt kiad\u00e1s\u00fa eml\u00e9k\u00f3ra, kifog\u00e1stalan \u00e1llapotban, gy\u0171jt\u0151knek. N\u00e9zd meg most!","breadcrumb":{"@id":"https:\/\/hasznalt-ora.hu\/hirdetes\/shinnyo-centennial-memorate-ritka-limitalt-kiadasu-ora-elado\/#breadcrumb"},"inLanguage":"en-US","potentialAction":[{"@type":"ReadAction","target":["https:\/\/hasznalt-ora.hu\/hirdetes\/shinnyo-centennial-memorate-ritka-limitalt-kiadasu-ora-elado\/"]}]},{"@type":"ImageObject","inLanguage":"en-US","@id":"https:\/\/hasznalt-ora.hu\/hirdetes\/shinnyo-centennial-memorate-ritka-limitalt-kiadasu-ora-elado\/#primaryimage","url":"https:\/\/hasznalt-ora.hu\/wp-content\/uploads\/2025\/02\/IMG_8624-scaled.jpeg","contentUrl":"https:\/\/hasznalt-ora.hu\/wp-content\/uploads\/2025\/02\/IMG_8624-scaled.jpeg","width":1920,"height":2560},{"@type":"BreadcrumbList","@id":"https:\/\/hasznalt-ora.hu\/hirdetes\/shinnyo-centennial-memorate-ritka-limitalt-kiadasu-ora-elado\/#breadcrumb","itemListElement":[{"@type":"ListItem","position":1,"name":"Kezd\u0151lap","item":"https:\/\/hasznalt-ora.hu\/"},{"@type":"ListItem","position":2,"name":"Shinnyo Centennial Memorate Watch"}]},{"@type":"WebSite","@id":"https:\/\/hasznalt-ora.hu\/#website","url":"https:\/\/hasznalt-ora.hu\/","name":"HASZN\u00c1LT-\u00d3RA.HU","description":"A magyar haszn\u00e1lt \u00f3ra piact\u00e9r","publisher":{"@id":"https:\/\/hasznalt-ora.hu\/#organization"},"potentialAction":[{"@type":"SearchAction","target":{"@type":"EntryPoint","urlTemplate":"https:\/\/hasznalt-ora.hu\/?s={search_term_string}"},"query-input":{"@type":"PropertyValueSpecification","valueRequired":true,"valueName":"search_term_string"}}],"inLanguage":"en-US"},{"@type":"Organization","@id":"https:\/\/hasznalt-ora.hu\/#organization","name":"HASZN\u00c1LT-\u00d3RA.HU","url":"https:\/\/hasznalt-ora.hu\/","logo":{"@type":"ImageObject","inLanguage":"en-US","@id":"https:\/\/hasznalt-ora.hu\/#\/schema\/logo\/image\/","url":"https:\/\/hasznalt-ora.hu\/wp-content\/uploads\/2021\/07\/hasznalt_ora_k_2-scaled.jpg","contentUrl":"https:\/\/hasznalt-ora.hu\/wp-content\/uploads\/2021\/07\/hasznalt_ora_k_2-scaled.jpg","width":2560,"height":1612,"caption":"HASZN\u00c1LT-\u00d3RA.HU"},"image":{"@id":"https:\/\/hasznalt-ora.hu\/#\/schema\/logo\/image\/"},"sameAs":["https:\/\/www.facebook.com\/groups\/hasznaltorakpiactere"]}]}},"_links":{"self":[{"href":"https:\/\/hasznalt-ora.hu\/en\/wp-json\/wp\/v2\/advert\/33277","targetHints":{"allow":["GET"]}}],"collection":[{"href":"https:\/\/hasznalt-ora.hu\/en\/wp-json\/wp\/v2\/advert"}],"about":[{"href":"https:\/\/hasznalt-ora.hu\/en\/wp-json\/wp\/v2\/types\/advert"}],"author":[{"embeddable":true,"href":"https:\/\/hasznalt-ora.hu\/en\/wp-json\/wp\/v2\/users\/8063"}],"replies":[{"embeddable":true,"href":"https:\/\/hasznalt-ora.hu\/en\/wp-json\/wp\/v2\/comments?post=33277"}],"wp:featuredmedia":[{"embeddable":true,"href":"https:\/\/hasznalt-ora.hu\/en\/wp-json\/wp\/v2\/media\/33278"}],"wp:attachment":[{"href":"https:\/\/hasznalt-ora.hu\/en\/wp-json\/wp\/v2\/media?parent=33277"}],"wp:term":[{"taxonomy":"advert-category","embeddable":true,"href":"https:\/\/hasznalt-ora.hu\/en\/wp-json\/wp\/v2\/advert-category?post=33277"},{"taxonomy":"advert-location","embeddable":true,"href":"https:\/\/hasznalt-ora.hu\/en\/wp-json\/wp\/v2\/advert-location?post=33277"}],"curies":[{"name":"wp","href":"https:\/\/api.w.org\/{rel}","templated":true}]}}