{"id":13520,"date":"2026-04-19T11:41:00","date_gmt":"2026-04-19T09:41:00","guid":{"rendered":"https:\/\/hasznalt-ora.hu\/hirdetes\/karl-lagerfeld-ezust-chrono-karora-felaron\/"},"modified":"2026-04-19T11:41:00","modified_gmt":"2026-04-19T09:41:00","slug":"karl-lagerfeld-ezust-chrono-karora-felaron","status":"publish","type":"advert","link":"https:\/\/hasznalt-ora.hu\/en\/hirdetes\/karl-lagerfeld-ezust-chrono-karora-felaron\/","title":{"rendered":"Karl Lagerfeld ez\u00fcst chrono kar\u00f3ra F\u00e9l\u00e1ron"},"content":{"rendered":"<p>Elad\u00f3 egy eredeti Karl Lagerfeld kar\u00f3ra F\u00e9l\u00e1ron!<\/p>\n<p>Vadonat\u00faj, f\u00f3li\u00e1s, k\u00e9zen m\u00e9g nem volt. \u00c9l\u0151ben rendk\u00edv\u00fcl mutat\u00f3s.<\/p>\n<p>Korona n\u00e9lk\u00fcl 43 mm \u00e1tm\u00e9r\u0151<br \/>Jap\u00e1n kvarc szerkezet stopper funkci\u00f3val<br \/>Rozsdamentes ac\u00e9l tokoz\u00e1s \u00e9s sz\u00edj<br \/>\u00c1sv\u00e1nyi \u00fcveg<br \/>Menetes h\u00e1tlap, 100 m v\u00edz\u00e1ll\u00f3s\u00e1g<\/p>\n<p>Csak az \u00f3ra van egy aj\u00e1nd\u00e9kdobozban.<\/p>\n<p>Helyileg Gy\u0151rben van, ig\u00e9ny eset\u00e9n foxposttal, post\u00e1val tudom k\u00fcldeni.<\/p>","protected":false},"excerpt":{"rendered":"<p>Elad\u00f3 egy eredeti Karl Lagerfeld kar\u00f3ra F\u00e9l\u00e1ron! Vadonat\u00faj, f\u00f3li\u00e1s, k\u00e9zen m\u00e9g nem volt. \u00c9l\u0151ben rendk\u00edv\u00fcl mutat\u00f3s. Korona n\u00e9lk\u00fcl 43 mm \u00e1tm\u00e9r\u0151Jap\u00e1n kvarc szerkezet stopper funkci\u00f3valRozsdamentes ac\u00e9l tokoz\u00e1s \u00e9s sz\u00edj\u00c1sv\u00e1nyi \u00fcvegMenetes h\u00e1tlap, 100 m v\u00edz\u00e1ll\u00f3s\u00e1g Csak az \u00f3ra van egy aj\u00e1nd\u00e9kdobozban. Helyileg Gy\u0151rben van, ig\u00e9ny eset\u00e9n foxposttal, post\u00e1val tudom k\u00fcldeni.<\/p>","protected":false},"author":5153,"featured_media":13521,"comment_status":"open","ping_status":"closed","template":"","advert-category":[5005,3914],"advert-location":[1142,197],"class_list":["post-13520","advert","type-advert","status-publish","has-post-thumbnail","hentry","advert-category-karl-lagerfeld","advert-category-karora","advert-location-gyor","advert-location-gyor-moson-sopron-varmegye","fizetesi-mod-atutalas","fizetesi-mod-keszpenz","fizetesi-mod-paypal-utalas","fizetesi-mod-utanvet","funkciok-24-oras-mutato","funkciok-masodperc-mutato","funkciok-stopper","gyartasi-ev-4353","limitalt-szeria-nem","mukodese-kvarc","nem-noi","oratok-atmeroje-4034","stilus-alkalmi","stilus-hetkoznapi","stilus-sportos","szallitasi-mod-foxpost","szallitasi-mod-futarszolgalat","szallitasi-mod-posta","szallitasi-mod-szemelyes-atvetel","szamlap-tipusa-analog","szij-fajtaja-acel","vizallosag-50-meter-5-bar-5atm"],"yoast_head":"<!-- This site is optimized with the Yoast SEO plugin v26.3 - https:\/\/yoast.com\/wordpress\/plugins\/seo\/ -->\n<title>Karl Lagerfeld ez\u00fcst chrono kar\u00f3ra F\u00e9l\u00e1ron - HASZN\u00c1LT-\u00d3RA.HU<\/title>\n<meta name=\"robots\" content=\"index, follow, max-snippet:-1, max-image-preview:large, max-video-preview:-1\" \/>\n<link rel=\"canonical\" href=\"https:\/\/hasznalt-ora.hu\/en\/hirdetes\/karl-lagerfeld-ezust-chrono-karora-felaron\/\" \/>\n<meta name=\"twitter:label1\" content=\"Est. reading time\" \/>\n\t<meta name=\"twitter:data1\" content=\"1 minute\" \/>\n<script type=\"application\/ld+json\" class=\"yoast-schema-graph\">{\"@context\":\"https:\/\/schema.org\",\"@graph\":[{\"@type\":\"WebPage\",\"@id\":\"https:\/\/hasznalt-ora.hu\/hirdetes\/karl-lagerfeld-ezust-chrono-karora-felaron\/\",\"url\":\"https:\/\/hasznalt-ora.hu\/hirdetes\/karl-lagerfeld-ezust-chrono-karora-felaron\/\",\"name\":\"Karl Lagerfeld ez\u00fcst chrono kar\u00f3ra F\u00e9l\u00e1ron - HASZN\u00c1LT-\u00d3RA.HU\",\"isPartOf\":{\"@id\":\"https:\/\/hasznalt-ora.hu\/#website\"},\"primaryImageOfPage\":{\"@id\":\"https:\/\/hasznalt-ora.hu\/hirdetes\/karl-lagerfeld-ezust-chrono-karora-felaron\/#primaryimage\"},\"image\":{\"@id\":\"https:\/\/hasznalt-ora.hu\/hirdetes\/karl-lagerfeld-ezust-chrono-karora-felaron\/#primaryimage\"},\"thumbnailUrl\":\"https:\/\/hasznalt-ora.hu\/wp-content\/uploads\/2022\/11\/PXL_20221030_080135697.MP_-scaled.jpg\",\"datePublished\":\"2026-04-19T09:41:00+00:00\",\"breadcrumb\":{\"@id\":\"https:\/\/hasznalt-ora.hu\/hirdetes\/karl-lagerfeld-ezust-chrono-karora-felaron\/#breadcrumb\"},\"inLanguage\":\"en-US\",\"potentialAction\":[{\"@type\":\"ReadAction\",\"target\":[\"https:\/\/hasznalt-ora.hu\/hirdetes\/karl-lagerfeld-ezust-chrono-karora-felaron\/\"]}]},{\"@type\":\"ImageObject\",\"inLanguage\":\"en-US\",\"@id\":\"https:\/\/hasznalt-ora.hu\/hirdetes\/karl-lagerfeld-ezust-chrono-karora-felaron\/#primaryimage\",\"url\":\"https:\/\/hasznalt-ora.hu\/wp-content\/uploads\/2022\/11\/PXL_20221030_080135697.MP_-scaled.jpg\",\"contentUrl\":\"https:\/\/hasznalt-ora.hu\/wp-content\/uploads\/2022\/11\/PXL_20221030_080135697.MP_-scaled.jpg\",\"width\":2560,\"height\":1920},{\"@type\":\"BreadcrumbList\",\"@id\":\"https:\/\/hasznalt-ora.hu\/hirdetes\/karl-lagerfeld-ezust-chrono-karora-felaron\/#breadcrumb\",\"itemListElement\":[{\"@type\":\"ListItem\",\"position\":1,\"name\":\"Kezd\u0151lap\",\"item\":\"https:\/\/hasznalt-ora.hu\/\"},{\"@type\":\"ListItem\",\"position\":2,\"name\":\"Karl Lagerfeld ez\u00fcst chrono kar\u00f3ra F\u00e9l\u00e1ron\"}]},{\"@type\":\"WebSite\",\"@id\":\"https:\/\/hasznalt-ora.hu\/#website\",\"url\":\"https:\/\/hasznalt-ora.hu\/\",\"name\":\"HASZN\u00c1LT-\u00d3RA.HU\",\"description\":\"A magyar haszn\u00e1lt \u00f3ra piact\u00e9r\",\"publisher\":{\"@id\":\"https:\/\/hasznalt-ora.hu\/#organization\"},\"potentialAction\":[{\"@type\":\"SearchAction\",\"target\":{\"@type\":\"EntryPoint\",\"urlTemplate\":\"https:\/\/hasznalt-ora.hu\/?s={search_term_string}\"},\"query-input\":{\"@type\":\"PropertyValueSpecification\",\"valueRequired\":true,\"valueName\":\"search_term_string\"}}],\"inLanguage\":\"en-US\"},{\"@type\":\"Organization\",\"@id\":\"https:\/\/hasznalt-ora.hu\/#organization\",\"name\":\"HASZN\u00c1LT-\u00d3RA.HU\",\"url\":\"https:\/\/hasznalt-ora.hu\/\",\"logo\":{\"@type\":\"ImageObject\",\"inLanguage\":\"en-US\",\"@id\":\"https:\/\/hasznalt-ora.hu\/#\/schema\/logo\/image\/\",\"url\":\"https:\/\/hasznalt-ora.hu\/wp-content\/uploads\/2021\/07\/hasznalt_ora_k_2-scaled.jpg\",\"contentUrl\":\"https:\/\/hasznalt-ora.hu\/wp-content\/uploads\/2021\/07\/hasznalt_ora_k_2-scaled.jpg\",\"width\":2560,\"height\":1612,\"caption\":\"HASZN\u00c1LT-\u00d3RA.HU\"},\"image\":{\"@id\":\"https:\/\/hasznalt-ora.hu\/#\/schema\/logo\/image\/\"},\"sameAs\":[\"https:\/\/www.facebook.com\/groups\/hasznaltorakpiactere\"]}]}<\/script>\n<!-- \/ Yoast SEO plugin. -->","yoast_head_json":{"title":"Karl Lagerfeld ez\u00fcst chrono kar\u00f3ra F\u00e9l\u00e1ron - HASZN\u00c1LT-\u00d3RA.HU","robots":{"index":"index","follow":"follow","max-snippet":"max-snippet:-1","max-image-preview":"max-image-preview:large","max-video-preview":"max-video-preview:-1"},"canonical":"https:\/\/hasznalt-ora.hu\/en\/hirdetes\/karl-lagerfeld-ezust-chrono-karora-felaron\/","twitter_misc":{"Est. reading time":"1 minute"},"schema":{"@context":"https:\/\/schema.org","@graph":[{"@type":"WebPage","@id":"https:\/\/hasznalt-ora.hu\/hirdetes\/karl-lagerfeld-ezust-chrono-karora-felaron\/","url":"https:\/\/hasznalt-ora.hu\/hirdetes\/karl-lagerfeld-ezust-chrono-karora-felaron\/","name":"Karl Lagerfeld ez\u00fcst chrono kar\u00f3ra F\u00e9l\u00e1ron - HASZN\u00c1LT-\u00d3RA.HU","isPartOf":{"@id":"https:\/\/hasznalt-ora.hu\/#website"},"primaryImageOfPage":{"@id":"https:\/\/hasznalt-ora.hu\/hirdetes\/karl-lagerfeld-ezust-chrono-karora-felaron\/#primaryimage"},"image":{"@id":"https:\/\/hasznalt-ora.hu\/hirdetes\/karl-lagerfeld-ezust-chrono-karora-felaron\/#primaryimage"},"thumbnailUrl":"https:\/\/hasznalt-ora.hu\/wp-content\/uploads\/2022\/11\/PXL_20221030_080135697.MP_-scaled.jpg","datePublished":"2026-04-19T09:41:00+00:00","breadcrumb":{"@id":"https:\/\/hasznalt-ora.hu\/hirdetes\/karl-lagerfeld-ezust-chrono-karora-felaron\/#breadcrumb"},"inLanguage":"en-US","potentialAction":[{"@type":"ReadAction","target":["https:\/\/hasznalt-ora.hu\/hirdetes\/karl-lagerfeld-ezust-chrono-karora-felaron\/"]}]},{"@type":"ImageObject","inLanguage":"en-US","@id":"https:\/\/hasznalt-ora.hu\/hirdetes\/karl-lagerfeld-ezust-chrono-karora-felaron\/#primaryimage","url":"https:\/\/hasznalt-ora.hu\/wp-content\/uploads\/2022\/11\/PXL_20221030_080135697.MP_-scaled.jpg","contentUrl":"https:\/\/hasznalt-ora.hu\/wp-content\/uploads\/2022\/11\/PXL_20221030_080135697.MP_-scaled.jpg","width":2560,"height":1920},{"@type":"BreadcrumbList","@id":"https:\/\/hasznalt-ora.hu\/hirdetes\/karl-lagerfeld-ezust-chrono-karora-felaron\/#breadcrumb","itemListElement":[{"@type":"ListItem","position":1,"name":"Kezd\u0151lap","item":"https:\/\/hasznalt-ora.hu\/"},{"@type":"ListItem","position":2,"name":"Karl Lagerfeld ez\u00fcst chrono kar\u00f3ra F\u00e9l\u00e1ron"}]},{"@type":"WebSite","@id":"https:\/\/hasznalt-ora.hu\/#website","url":"https:\/\/hasznalt-ora.hu\/","name":"HASZN\u00c1LT-\u00d3RA.HU","description":"A magyar haszn\u00e1lt \u00f3ra piact\u00e9r","publisher":{"@id":"https:\/\/hasznalt-ora.hu\/#organization"},"potentialAction":[{"@type":"SearchAction","target":{"@type":"EntryPoint","urlTemplate":"https:\/\/hasznalt-ora.hu\/?s={search_term_string}"},"query-input":{"@type":"PropertyValueSpecification","valueRequired":true,"valueName":"search_term_string"}}],"inLanguage":"en-US"},{"@type":"Organization","@id":"https:\/\/hasznalt-ora.hu\/#organization","name":"HASZN\u00c1LT-\u00d3RA.HU","url":"https:\/\/hasznalt-ora.hu\/","logo":{"@type":"ImageObject","inLanguage":"en-US","@id":"https:\/\/hasznalt-ora.hu\/#\/schema\/logo\/image\/","url":"https:\/\/hasznalt-ora.hu\/wp-content\/uploads\/2021\/07\/hasznalt_ora_k_2-scaled.jpg","contentUrl":"https:\/\/hasznalt-ora.hu\/wp-content\/uploads\/2021\/07\/hasznalt_ora_k_2-scaled.jpg","width":2560,"height":1612,"caption":"HASZN\u00c1LT-\u00d3RA.HU"},"image":{"@id":"https:\/\/hasznalt-ora.hu\/#\/schema\/logo\/image\/"},"sameAs":["https:\/\/www.facebook.com\/groups\/hasznaltorakpiactere"]}]}},"_links":{"self":[{"href":"https:\/\/hasznalt-ora.hu\/en\/wp-json\/wp\/v2\/advert\/13520","targetHints":{"allow":["GET"]}}],"collection":[{"href":"https:\/\/hasznalt-ora.hu\/en\/wp-json\/wp\/v2\/advert"}],"about":[{"href":"https:\/\/hasznalt-ora.hu\/en\/wp-json\/wp\/v2\/types\/advert"}],"author":[{"embeddable":true,"href":"https:\/\/hasznalt-ora.hu\/en\/wp-json\/wp\/v2\/users\/5153"}],"replies":[{"embeddable":true,"href":"https:\/\/hasznalt-ora.hu\/en\/wp-json\/wp\/v2\/comments?post=13520"}],"wp:featuredmedia":[{"embeddable":true,"href":"https:\/\/hasznalt-ora.hu\/en\/wp-json\/wp\/v2\/media\/13521"}],"wp:attachment":[{"href":"https:\/\/hasznalt-ora.hu\/en\/wp-json\/wp\/v2\/media?parent=13520"}],"wp:term":[{"taxonomy":"advert-category","embeddable":true,"href":"https:\/\/hasznalt-ora.hu\/en\/wp-json\/wp\/v2\/advert-category?post=13520"},{"taxonomy":"advert-location","embeddable":true,"href":"https:\/\/hasznalt-ora.hu\/en\/wp-json\/wp\/v2\/advert-location?post=13520"}],"curies":[{"name":"wp","href":"https:\/\/api.w.org\/{rel}","templated":true}]}}